{"id":287,"date":"2021-03-01T13:36:05","date_gmt":"2021-03-01T12:36:05","guid":{"rendered":"https:\/\/mtechnique.be\/?page_id=287"},"modified":"2021-03-01T13:36:06","modified_gmt":"2021-03-01T12:36:06","slug":"confidentialite","status":"publish","type":"page","link":"https:\/\/mtechnique.be\/index.php\/confidentialite\/","title":{"rendered":"Confidentialit\u00e9:"},"content":{"rendered":"\n<p>Derni\u00e8re mise \u00e0 jour : 01\/03\/2021<\/p>\n\n\n\n<p>Nous souhaitons vous familiariser avec la fa\u00e7on dont nous collectons, utilisons et divulguons les Informations \u00e0 Caract\u00e8re Personnel (telles que d\u00e9finies ci-dessous). La pr\u00e9sente politique de confidentialit\u00e9 d\u00e9crit nos pratiques en lien avec les Informations \u00e0 Caract\u00e8re Personnel que nous collectons par le biais des sites web via lesquels vous acc\u00e9dez \u00e0 la pr\u00e9sente politique de confidentialit\u00e9 (les&nbsp;<strong>\u201cSites web\u201d<\/strong>), des applications logicielles rendues disponibles par nos soins pour une utilisation sur ou via des ordinateurs et appareils mobiles (les&nbsp;<strong>\u201cApplis\u201d<\/strong>), de nos pages sur les r\u00e9seaux sociaux et Applis, des e-mails au format HTML que nous vous envoyons et li\u00e9s \u00e0 la pr\u00e9sente politique de confidentialit\u00e9, ainsi que de vos interactions hors ligne avec nous lorsque la l\u00e9gislation exige une notification (collectivement, y compris les Sites web, les Applis, les pages sur les r\u00e9seaux sociaux et les interactions hors ligne, les&nbsp;<strong>\u201cServices\u201d<\/strong>). Des sms envoy\u00e9 pour informations ou pour rappel de rendez-vous.<\/p>\n\n\n\n<p><strong>INFORMATIONS \u00c0 CARACT\u00c8RE PERSONNEL<\/strong><\/p>\n\n\n\n<p>Les&nbsp;<strong>\u201cInformations \u00e0 Caract\u00e8re Personnel\u201d<\/strong>&nbsp;ont les informations qui vous identifient en tant que personne ou sont li\u00e9es \u00e0 une personne identifiable, comme:<\/p>\n\n\n\n<ul class=\"wp-block-list\"><li>le nom<\/li><li>Sexe<\/li><li>Date de naissance<\/li><li>l\u2019adresse postale (y compris les adresses de facturation et d\u2019exp\u00e9dition)<\/li><li>le num\u00e9ro de t\u00e9l\u00e9phone<\/li><li>l\u2019adresse e-mail<\/li><li>l\u2019adresse IP<\/li><li>le num\u00e9ro de carte de cr\u00e9dit et de d\u00e9bit<\/li><li>la photo de profil<\/li><li>l\u2019ID de compte sur les r\u00e9seaux sociaux<\/li><li>les informations de voyage, y compris les informations de vol<\/li><\/ul>\n\n\n\n<p>Collecte d\u2019informations \u00e0 caract\u00e8re personnel<\/p>\n\n\n\n<p>Nos prestataires de Services et nous collectons des Informations \u00e0 Caract\u00e8re Personnel de diff\u00e9rentes fa\u00e7ons, y compris :<\/p>\n\n\n\n<ul class=\"wp-block-list\"><li><strong>Via les Services.<\/strong><ul><li>Nous collectons des Informations \u00e0 Caract\u00e8re Personnel via les Services, par exemple lorsque vous vous abonnez \u00e0 un bulletin d\u2019information hebdomadaire ou effectuez un achat.<\/li><\/ul><\/li><li><strong>Via les interactions hors ligne.<\/strong><ul><li>Nos Services englobent la collecte d\u2019Informations \u00e0 Caract\u00e8re Personnel vous concernant via les interactions hors ligne, par exemple lorsque vous visitez nos boutiques, assistez \u00e0 un de nos salons commerciaux, passez une commande par t\u00e9l\u00e9phone ou contactez le service client\u00e8le.<\/li><\/ul><\/li><li><strong>Au d\u00e9part d\u2019autres sources.<\/strong><ul><li>Nous recevons vos Informations \u00e0 Caract\u00e8re Personnel au d\u00e9part d\u2019autres sources, par exemple nos soci\u00e9t\u00e9s li\u00e9es, les bases de donn\u00e9es publiques, les partenaires de marketing conjoint, les plateformes des r\u00e9seaux sociaux (y compris de la part de personnes avec lesquelles vous \u00eates ami(e) ou pr\u00e9sentez un autre lien) et d\u2019autres tierces parties. De plus, si vous choisissez de lier votre compte sur les r\u00e9seaux sociaux \u00e0 votre compte sur notre site web, certaines Informations \u00e0 Caract\u00e8re Personnel issues de votre compte sur les r\u00e9seaux sociaux seront partag\u00e9es avec nous, lesquelles sont susceptibles d\u2019inclure des Informations \u00e0 Caract\u00e8re Personnel faisant partie de votre profil ou des profils de vos amis.<\/li><\/ul><\/li><\/ul>\n\n\n\n<p>Nous devons collecter des Informations \u00e0 Caract\u00e8re Personnel afin de vous fournir les Services demand\u00e9s. Si vous ne fournissez pas les informations demand\u00e9es, nous nous trouverons potentiellement dans l\u2019incapacit\u00e9 de fournir les Services. Si vous nous divulguez de quelconques Informations \u00e0 Caract\u00e8re Personnel concernant d\u2019autres personnes ou si vous divulguez de telles informations \u00e0 nos prestataires de Services en lien avec les Services, vous d\u00e9clarez jouir de l\u2019autorit\u00e9 en ce sens et afin de nous autoriser \u00e0 utiliser lesdites informations conform\u00e9ment \u00e0 la pr\u00e9sente politique de confidentialit\u00e9.<\/p>\n\n\n\n<p><strong>INFORMATIONS SENSIBLES<\/strong><\/p>\n\n\n\n<p>Nous ne collectons pas et nous vous demandons de ne pas nous envoyer et de ne pas divulguer de quelconques Informations \u00e0 Caract\u00e8re Personnel sensibles (par exemple des Informations \u00e0 Caract\u00e8re Personnel indiquant votre origine raciale ou ethnique, vos opinions politiques, vos croyances religieuses ou philosophiques, votre affiliation syndicale, vos donn\u00e9es g\u00e9n\u00e9tiques, biom\u00e9triques ou vos caract\u00e9ristiques g\u00e9n\u00e9tiques, votre casier judiciaire, vos donn\u00e9es de sant\u00e9 ou des donn\u00e9es sur la vie ou l\u2019orientation sexuelle d\u2019une personne ou encore des num\u00e9ros de s\u00e9curit\u00e9 sociale, de sant\u00e9) sur ou via les Services ou par un autre biais. Il se peut que lors de consultation, certaines de ces donn\u00e9es soient demand\u00e9es en vue d\u2019effectuer un soin appropri\u00e9 \u00e0 vous.<\/p>\n\n\n\n<p>Utilisation d\u2019Informations \u00e0 Caract\u00e8re Personnel<\/p>\n\n\n\n<p>Nos prestataires de Services et nous utilisons des Informations \u00e0 Caract\u00e8re Personnel \u00e0 des fins commerciales l\u00e9gitimes, y compris :<\/p>\n\n\n\n<ul class=\"wp-block-list\"><li><strong>Afin d\u2019assurer la fonctionnalit\u00e9 des Services et de satisfaire vos demandes.<\/strong><ul><li>Afin de vous fournir la fonctionnalit\u00e9 des Services, par exemple d\u2019\u00e9tablir l\u2019acc\u00e8s \u00e0 votre compte enregistr\u00e9, ainsi que de vous fournir le service \u00e0 la client\u00e8le y relatif.<\/li><\/ul><ul><li>Afin de r\u00e9pondre \u00e0 vos sollicitations et de satisfaire vos demandes, lorsque vous nous contactez par le biais de l\u2019un de nos formulaires de contact en ligne ou diff\u00e9remment, par exemple lorsque vous nous envoyez des questions, suggestions, compliments ou r\u00e9clamations ou lorsque vous demandez une offre de prix concernant nos Services ou des informations y relatives.<\/li><\/ul><ul><li>Afin d\u2019effectuer vos transactions et de vous fournir le service \u00e0 la client\u00e8le y relatif.<\/li><\/ul><ul><li>Afin de vous envoyer des informations administratives, comme des modifications de nos modalit\u00e9s, conditions et politiques.<\/li><\/ul><ul><li>Afin de vous permettre d\u2019envoyer des messages \u00e0 une autre personne si vous choisissez de le faire.<\/li><\/ul><\/li><li><strong>Afin de vous faire parvenir notre bulletin d\u2019information hebdomadaire et\/ou d\u2019autres supports marketing ainsi que de faciliter les partages sociaux<\/strong><ul><li>Afin de vous envoyer des messages dans le cadre de campagnes de marketing, par exemple via courriel, sms, par t\u00e9l\u00e9phone ou chat \u2013 quant \u00e0 nos services, aux nouveaux produits et d\u2019autres nouvelles au sujet de l\u2019entreprise.<\/li><\/ul><ul><li>Afin de faciliter la fonctionnalit\u00e9 de partage social que vous choisissez d\u2019utiliser.<\/li><\/ul><\/li><li><strong>Pour l\u2019analyse d\u2019Informations \u00e0 Caract\u00e8re Personnel \u00e0 des fins d\u2019information et dans le but de fournir des Services personnalis\u00e9s.<\/strong><ul><li>Afin d\u2019analyser ou de pr\u00e9voir les pr\u00e9f\u00e9rences de nos utilisateurs dans le but d\u2019\u00e9laborer des rapports de tendance agr\u00e9g\u00e9s sur la fa\u00e7on dont notre contenu num\u00e9rique est utilis\u00e9, de mani\u00e8re \u00e0 ce que nous puissions am\u00e9liorer nos Services.<\/li><\/ul><ul><li>Afin de mieux vous comprendre, de sorte que nous puissions personnaliser nos interactions et vous fournir des informations et\/ou offres taill\u00e9es sur mesure selon vos int\u00e9r\u00eats.<\/li><\/ul><ul><li>Afin de mieux comprendre vos pr\u00e9f\u00e9rences de sorte que nous puissions fournir via nos Services du contenu dont nous pensons qu\u2019il sera pertinent et int\u00e9ressant \u00e0 vos yeux.<\/li><\/ul><\/li><li><strong>Afin de vous permettre de prendre part \u00e0 des loteries, concours ou autres promotions.<\/strong><ul><li>Afin de vous permettre de prendre part \u00e0 des loteries, concours et promotions semblables ainsi que de g\u00e9rer ces activit\u00e9s. Certaines de ces activit\u00e9s sont r\u00e9gies par des r\u00e8gles suppl\u00e9mentaires contenant des informations suppl\u00e9mentaires quant \u00e0 la fa\u00e7on dont nous utilisons et divulguons vos informations \u00e0 caract\u00e8re personnel.<\/li><\/ul><\/li><li><strong>Afin d\u2019agr\u00e9ger et\/ou d\u2019anonymiser des informations \u00e0 caract\u00e8re personnel.<\/strong><ul><li>Nous agr\u00e9geons les Informations \u00e0 Caract\u00e8re Personnel de sorte qu\u2019elles ne soient plus consid\u00e9r\u00e9es comme telles. Nous le faisons afin de g\u00e9n\u00e9rer d\u2019autres donn\u00e9es, que nous utilisons et divulguons \u00e0 de quelconques fins.<\/li><\/ul><\/li><li><strong>Afin de r\u00e9aliser nos objectifs commerciaux.<\/strong><ul><li>Pour l\u2019analyse de donn\u00e9es, par exemple afin d\u2019am\u00e9liorer l\u2019efficacit\u00e9 de nos Services.<\/li><\/ul><ul><li>Pour les audits, afin de v\u00e9rifier que nos processus internes se d\u00e9roulent comme pr\u00e9vu et sont conformes aux exigences l\u00e9gales, r\u00e9glementaires ou contractuelles.<\/li><\/ul><ul><li>\u00c0 des fins de suivi de la fraude et de la s\u00e9curit\u00e9, par exemple afin de rep\u00e9rer et d\u2019emp\u00eacher les cyberattaques ou les tentatives d\u2019usurpation d\u2019identit\u00e9.<\/li><\/ul><ul><li>Afin de d\u00e9velopper de nouveaux produits et Services.<\/li><\/ul><ul><li>Afin d\u2019optimiser, d\u2019am\u00e9liorer ou de modifier nos produits et Services actuels.<\/li><\/ul><ul><li>Pour identifier les tendances d\u2019utilisation, par exemple afin de comprendre quelles parties de nos Services pr\u00e9sentent le plus grand int\u00e9r\u00eat envers les utilisateurs.<\/li><\/ul><ul><li>Afin de d\u00e9terminer l\u2019efficacit\u00e9 de nos campagnes promotionnelles, de sorte que nous puissions adapter nos campagnes aux besoins et int\u00e9r\u00eats de nos utilisateurs.<\/li><\/ul><ul><li>Afin de r\u00e9aliser et d\u2019\u00e9tendre nos activit\u00e9s commerciales, par exemple de comprendre quelles parties de nos Services pr\u00e9sentent le plus grand int\u00e9r\u00eat envers nos utilisateurs pour nous permettre de concentrer nos \u00e9nergies sur la r\u00e9ponse aux int\u00e9r\u00eats de nos utilisateurs.<\/li><\/ul><\/li><\/ul>\n\n\n\n<p>Divulgation d\u2019Informations \u00e0 Caract\u00e8re Personnel<\/p>\n\n\n\n<p>Nous divulguons des Informations \u00e0 Caract\u00e8re Personnel :<\/p>\n\n\n\n<ul class=\"wp-block-list\"><li><strong>\u00c0 nos soci\u00e9t\u00e9s li\u00e9es, aux fins d\u00e9crites dans la pr\u00e9sente politique de confidentialit\u00e9.<\/strong><ul><li>Vous pouvez consulter la liste et la localisation de nos soci\u00e9t\u00e9s li\u00e9es sur simple demande par mail. Tel qu\u2019utilis\u00e9 dans le pr\u00e9sent document, les termes soci\u00e9t\u00e9s li\u00e9es signifient les entit\u00e9s que nous contr\u00f4lons, sous contr\u00f4le commun avec nous ou qui nous contr\u00f4lent.<\/li><\/ul><\/li><li><strong>\u00c0 nos prestataires de Services tiers, afin de faciliter les Services qu\u2019ils nous fournissent.<\/strong><ul><li>Ces prestataires sont susceptibles d\u2019englober des fournisseurs de Services comme l\u2019h\u00e9bergement de sites web, l\u2019analyse de donn\u00e9es, le traitement des paiements, l\u2019ex\u00e9cution des commandes, la fourniture de technologies de l\u2019information et d\u2019infrastructures li\u00e9es, le service \u00e0 la client\u00e8le, l\u2019envoi d\u2019e-mails, l\u2019audit et d\u2019autres Services.<\/li><\/ul><\/li><li><strong>\u00c0 de tierces parties, afin de leur permettre de vous envoyer des communications de marketing coh\u00e9rentes par rapport \u00e0 vos choix.<\/strong><\/li><li><strong>\u00c0 de tiers promoteurs de loteries, concours et promotions semblables.<\/strong><\/li><li><strong>En utilisant nos Services, vous pouvez choisir de divulguer des informations \u00e0 caract\u00e8re personnel.<\/strong><ul><li>Sur les forums, chats, pages de profil, blogs et autres Services vous permettant de publier des informations et du contenu (y compris, de fa\u00e7on non exhaustive, nos pages sur les r\u00e9seaux sociaux). Veuillez noter que de quelconques informations publi\u00e9es ou divulgu\u00e9es par vos soins via ces Services deviendront publiques et sont susceptibles d\u2019\u00eatre disponibles \u00e0 d\u2019autres utilisateurs et au public en g\u00e9n\u00e9ral.<\/li><\/ul><ul><li>\u00c0 travers notre activit\u00e9 de partage social. Lorsque vous utilisez votre compte de Services en relation avec votre compte sur les r\u00e9seaux sociaux, vous partagez des informations avec vos amis li\u00e9s \u00e0 votre compte sur les r\u00e9seaux sociaux, avec d\u2019autres utilisateurs et avec votre fournisseur de compte sur les r\u00e9seaux sociaux. Ce faisant, vous nous autorisez \u00e0 faciliter ce partage d\u2019informations et vous concevez que l\u2019utilisation d\u2019informations partag\u00e9es sera r\u00e9gie par la politique de confidentialit\u00e9 mise en place par le fournisseur du m\u00e9dia social.<\/li><\/ul><\/li><\/ul>\n\n\n\n<p>Autres utilisations et divulgations<\/p>\n\n\n\n<p>Nous utilisons et divulguons \u00e9galement vos Informations \u00e0 Caract\u00e8re Personnel selon la mesure n\u00e9cessaire ou appropri\u00e9e, en particulier lorsque nous y sommes tenus l\u00e9galement ou nourrissons un int\u00e9r\u00eat l\u00e9gitime en ce sens<\/p>\n\n\n\n<ul class=\"wp-block-list\"><li><strong>Afin de nous conformer \u00e0 la l\u00e9gislation applicable.<\/strong><ul><li>Cela englobe les lois en dehors de votre pays de r\u00e9sidence.<\/li><\/ul><\/li><li><strong>Afin de r\u00e9pondre \u00e0 des demandes d\u2019autorit\u00e9s gouvernementales et publiques.<\/strong><ul><li>Cela englobe les autorit\u00e9s en dehors de votre pays de r\u00e9sidence.<\/li><\/ul><\/li><li><strong>Afin de coop\u00e9rer \u00e0 l\u2019application de la loi.<\/strong><ul><li>Par exemple lorsque nous r\u00e9pondons \u00e0 des demandes et injonctions concernant l\u2019application de la loi.<\/li><\/ul><\/li><li><strong>Pour d\u2019autres motifs l\u00e9gaux.<\/strong><ul><li>Afin d\u2019appliquer nos modalit\u00e9s et conditions ; et<\/li><\/ul><ul><li>De prot\u00e9ger nos droits, notre confidentialit\u00e9, s\u00e9curit\u00e9 ou propri\u00e9t\u00e9, et\/ou ceux\/celles de nos soci\u00e9t\u00e9s li\u00e9es, les v\u00f4tres ou ceux\/celles d\u2019autrui.<\/li><\/ul><\/li><li><strong>En lien avec une vente ou une transaction commerciale.<\/strong><ul><li>Nous nourrissons un int\u00e9r\u00eat l\u00e9gitime afin de divulguer ou de c\u00e9der vos Informations \u00e0 Caract\u00e8re Personnel \u00e0 une tierce partie dans l\u2019hypoth\u00e8se d\u2019une quelconque restructuration, fusion, vente, coentreprise, cession, ali\u00e9nation ou autre transmission de l\u2019int\u00e9gralit\u00e9 ou d\u2019une partie de nos affaires, de nos actifs ou de notre stock (y compris en lien avec une quelconque faillite ou des proc\u00e9dures semblables). De telles tierces parties sont susceptibles d\u2019inclure, \u00e0 titre d\u2019exemple, une entit\u00e9 acheteuse et ses conseillers.<\/li><\/ul><\/li><\/ul>\n\n\n\n<p><strong>AUTRES INFORMATIONS<\/strong><\/p>\n\n\n\n<p><strong>\u201cAutres Informations\u201d<\/strong>&nbsp;sont de quelconques informations qui ne r\u00e9v\u00e8lent pas votre identit\u00e9 sp\u00e9cifique ou ne pr\u00e9sentent aucun lien direct \u00e0 une personne identifiable, comme :<\/p>\n\n\n\n<ul class=\"wp-block-list\"><li>Les informations de navigateur et d\u2019appareil<\/li><li>Les donn\u00e9es d\u2019utilisation de l\u2019Appli<\/li><li>Les informations collect\u00e9es par le biais de cookies, de pixels invisibles et d\u2019autres technologies, que vous fournissez et qui ne r\u00e9v\u00e8lent pas votre identit\u00e9 sp\u00e9cifique<\/li><li>Les informations d\u00e9mographiques et autres informations fournies par vos soins et qui ne r\u00e9v\u00e8lent pas votre identit\u00e9 sp\u00e9cifique<\/li><li>Les informations agr\u00e9g\u00e9es d\u2019une fa\u00e7on telle qu\u2019elles ne r\u00e9v\u00e8lent plus votre identit\u00e9 sp\u00e9cifique<\/li><\/ul>\n\n\n\n<p>Collecte d\u2019autres informations<\/p>\n\n\n\n<p>Nos prestataires de Services et nous collectons d\u2019autres informations de diff\u00e9rentes fa\u00e7ons, y compris:<\/p>\n\n\n\n<ul class=\"wp-block-list\"><li><strong>Via votre navigateur ou appareil.<\/strong><ul><li>Certaines informations sont collect\u00e9es par la plupart des navigateurs ou de fa\u00e7on automatique via votre appareil, comme votre adresse Media Access Control (MAC), le type d\u2019ordinateur (Windows ou Macintosh), la r\u00e9solution d\u2019\u00e9cran, le nom et la version du syst\u00e8me d\u2019exploitation, le fabricant et le mod\u00e8le de l\u2019appareil, la langue, le type et la version du navigateur Internet ainsi que le nom et la version des Services (comme l\u2019Appli) que vous utilisez. Nous utilisons ces informations afin de veiller au bon fonctionnement des Services.<\/li><\/ul><ul><li>Lorsque vous t\u00e9l\u00e9chargez et utilisez l\u2019Appli, nos prestataires de Services et nous suivons et collectons des donn\u00e9es d\u2019utilisation de l\u2019Appli, comme la date et l\u2019heure auxquelles l\u2019Appli install\u00e9e sur votre appareil acc\u00e8de \u00e0 nos serveurs ainsi que les informations et fichiers t\u00e9l\u00e9charg\u00e9s \u00e0 destination de l\u2019Appli, sur la base de votre num\u00e9ro d\u2019appareil.<\/li><\/ul><\/li><li><strong>En utilisant des cookies.<\/strong><ul><li>Les cookies sont des informations enregistr\u00e9es directement dans l\u2019ordinateur que vous utilisez. Les cookies nous permettent de collecter des informations comme le type de navigateur, la dur\u00e9e d\u2019utilisation des Services, les pages consult\u00e9es, les pr\u00e9f\u00e9rences linguistiques et d\u2019autres donn\u00e9es de transmission anonymes. Nos prestataires de Services et nous utilisons ces informations \u00e0 des fins de s\u00e9curit\u00e9, pour faciliter la navigation, afficher des informations plus efficacement et personnaliser votre exp\u00e9rience. Nous collectons \u00e9galement des informations statistiques concernant l\u2019utilisation des Services afin d\u2019am\u00e9liorer sans cesse leur conception et fonctionnement, de comprendre l\u2019utilisation qui en est faite et de nous aider \u00e0 r\u00e9soudre les questions les concernant. Les cookies nous permettent en outre de s\u00e9lectionner nos publicit\u00e9s ou offres les plus susceptibles de vous plaire et de les afficher pendant que vous utilisez les Services. Nous utilisons \u00e9galement des cookies ou d\u2019autres technologies au niveau de la publicit\u00e9 en ligne, afin de suivre les r\u00e9ponses \u00e0 nos pubs. \u00c0 l\u2019heure actuelle, nous ne r\u00e9pondons pas aux signaux d\u2019arr\u00eat de suivi \u00e9mis par les navigateurs.<\/li><\/ul><ul><li>Si vous ne souhaitez pas que des informations soient collect\u00e9es par le biais de cookies, la plupart des navigateurs vous permettent de refuser automatiquement les cookies ou de vous donner le choix de refuser ou d\u2019accepter un cookie (ou des cookies) particulier(s) \u00e9manant d\u2019un site web d\u00e9termin\u00e9. Vous avez \u00e9galement la possibilit\u00e9 de consulter notre politique quant \u00e0 l\u2019utilisation des cookies&nbsp;<a href=\"http:\/\/www.allaboutcookies.org\/manage-cookies\/index.html\">http:\/\/www.allaboutcookies.org\/manage-cookies\/index.html<\/a>. Cependant, si vous refusez les cookies, l\u2019utilisation des Services est susceptible de s\u2019en trouver affect\u00e9e. Il se peut \u00e9galement que vous ne receviez pas de publicit\u00e9 ou d\u2019autres offres de notre part en lien avec vos int\u00e9r\u00eats et besoins.<\/li><\/ul><ul><li>Si vous d\u00e9posez un commentaire sur notre site, il vous sera propos\u00e9 d\u2019enregistrer votre nom, adresse de messagerie et site web dans des cookies. C\u2019est uniquement pour votre confort afin de ne pas avoir \u00e0 saisir ces informations si vous d\u00e9posez un autre commentaire plus tard. Ces cookies expirent au bout d\u2019un an.<\/li><\/ul><ul><li>Si vous avez un compte et que vous vous connectez sur ce site, un cookie temporaire sera cr\u00e9\u00e9 afin de d\u00e9terminer si votre navigateur accepte les cookies. Il ne contient pas de donn\u00e9es personnelles et sera supprim\u00e9 automatiquement \u00e0 la fermeture de votre navigateur.<\/li><\/ul><ul><li>Lorsque vous vous connecterez, nous mettrons en place un certain nombre de cookies pour enregistrer vos informations de connexion et vos pr\u00e9f\u00e9rences d\u2019\u00e9cran. La dur\u00e9e de vie d\u2019un cookie de connexion est de deux jours, celle d\u2019un cookie d\u2019option d\u2019\u00e9cran est d\u2019un an. Si vous cochez \u00ab Se souvenir de moi \u00bb, votre cookie de connexion sera conserv\u00e9 pendant deux semaines. Si vous vous d\u00e9connectez de votre compte, le cookie de connexion sera effac\u00e9.<\/li><\/ul><ul><li>En modifiant ou en publiant une publication, un cookie suppl\u00e9mentaire sera enregistr\u00e9 dans votre navigateur. Ce cookie ne comprend aucune donn\u00e9e personnelle. Il indique simplement l\u2019ID de la publication que vous venez de modifier. Il expire au bout d\u2019un jour.<\/li><\/ul><\/li><\/ul>\n\n\n\n<ul class=\"wp-block-list\"><li><strong>En utilisant des pixels invisibles ou d\u2019autres technologies semblables.<\/strong><ul><li>Des pixels invisibles (\u00e9galement appel\u00e9s pixels-espions ou GIF invisibles) sont susceptibles d\u2019\u00eatre utilis\u00e9s, entre autres, afin de suivre les actions des utilisateurs des Services (y compris les destinataires des e-mails), de mesurer la r\u00e9ussite de nos campagnes de marketing et d\u2019\u00e9tablir des statistiques sur l\u2019utilisation des Services et les taux de r\u00e9ponse.<\/li><\/ul><\/li><li><strong>Analytics.<\/strong><ul><li>Nous utilisons Google Analytics, qui se sert de cookies et de technologies semblables afin de collecter et d\u2019analyser des informations sur l\u2019utilisation des Services et de faire \u00e9tat des activit\u00e9s et tendances. Ce service est \u00e9galement susceptible de collecter des informations concernant l\u2019utilisation d\u2019autres sites web, Applis et ressources en ligne. Vous d\u00e9couvrirez les pratiques adopt\u00e9es par Google en consultant&nbsp;<a href=\"https:\/\/google.com\/policies\/privacy\/partners\/\">www.google.com\/policies\/privacy\/partners\/<\/a>, et pourrez choisir de vous en d\u00e9faire en t\u00e9l\u00e9chargeant l\u2019extension de navigateur permettant de refuser Google Analytics, disponible \u00e0 l\u2019adresse&nbsp;<a href=\"https:\/\/tools.google.com\/dlpage\/gaoptout\">https:\/\/tools.google.com\/dlpage\/gaoptout<\/a>.<\/li><\/ul><\/li><li><strong>En utilisant la technologie Adobe Flash (y compris les objets locaux partag\u00e9s Flash (Flash Local Shared Objects ou \u201cFlash LSOs\u201d)) et d\u2019autres technologies semblables.<\/strong><ul><li>Nous utilisons des Flash LSOs et d\u2019autres technologies semblables, entre autres, afin de collecter et d\u2019enregistrer des informations sur l\u2019utilisation que vous faites des Services. Si vous ne souhaitez pas que des Flash LSOs soient enregistr\u00e9s sur votre ordinateur, vous pouvez param\u00e9trer votre lecteur Flash afin qu\u2019il bloque l\u2019enregistrement des Flash LSOs, via les outils contenus dans le&nbsp;<a href=\"http:\/\/www.macromedia.com\/support\/documentation\/en\/flashplayer\/help\/settings_manager07.html\">panneau de configuration de l\u2019enregistrement de Sites web<\/a>. Vous pouvez \u00e9galement vous rendre au&nbsp;<a href=\"http:\/\/www.macromedia.com\/support\/documentation\/en\/flashplayer\/help\/settings_manager03.html\">panneau de configuration de l\u2019enregistrement en g\u00e9n\u00e9ral<\/a>&nbsp;et suivre les instructions (susceptibles d\u2019expliquer, par exemple, comment effacer les Flash LSOs existants (appel\u00e9es \u201cinformations\u201d sur le site Macromedia), comment emp\u00eacher l\u2019enregistrement \u00e0 votre insu de Flash LSOs sur votre ordinateur et (pour Flash Player 8 et les versions ult\u00e9rieures) comment bloquer les Flash LSOs qui ne sont pas fournis par l\u2019exploitant de la page consult\u00e9e). Veuillez noter que le param\u00e9trage du lecteur Flash afin de restreindre ou de limiter l\u2019acceptation de Flash LSOs est susceptible de r\u00e9duire ou d\u2019entraver le fonctionnement de certaines applications Flash.<\/li><\/ul><\/li><li><strong>Emplacement physique.<\/strong><ul><li>Nous sommes susceptibles de relever l\u2019emplacement physique de votre appareil, par exemple au moyen des signaux satellitaires, de t\u00e9l\u00e9phonie mobile ou WiFi. Nous sommes susceptibles d\u2019utiliser l\u2019emplacement physique de votre appareil afin de vous fournir des Services et du contenu personnalis\u00e9s en fonction de l\u2019emplacement. Nous partageons aussi parfois l\u2019emplacement physique de votre appareil, combin\u00e9 \u00e0 des informations au sujet des publicit\u00e9s que vous avez vues et \u00e0 d\u2019autres informations que nous collectons, avec nos partenaires de marketing afin de leur permettre de vous fournir du contenu plus personnalis\u00e9 et d\u2019\u00e9tudier l\u2019efficacit\u00e9 de nos campagnes publicitaires. Il se peut que vous soyez sollicit\u00e9 afin d\u2019autoriser ou de refuser de telles utilisations et\/ou le partage de l\u2019emplacement de votre appareil, mais si vous le faites, nos partenaires de marketing et nous ne serons potentiellement pas en mesure de vous fournir les Services et le contenu personnalis\u00e9s auxquels vous avez droit.<\/li><\/ul><\/li><\/ul>\n\n\n\n<p>Utilisations et communications li\u00e9es \u00e0 Facebook<\/p>\n\n\n\n<p>Lorsque vous proc\u00e9dez \u00e0 un partage sur les plateformes sociales impliquant des produits Facebook disponibles sur ou via nos Services, nous sommes conjointement responsables avec Facebook Ireland Limited, 4 Grand Canal Square, Dublin 2, Irlande (\u201d Facebook \u201c) de recueillir vos Informations Personnelles et Autres Informations et de les envoyer \u00e0 Facebook. Cette collecte et ce transfert ont lieu, entre autres, lorsque vous choisissez d\u2019utiliser des plugiciels sociaux Facebook ou des pixels-tags sur nos sites Web. Ce que Facebook fait de vos Informations Personnels et Autres Informations apr\u00e8s avoir re\u00e7u ces renseignements par l\u2019entremise de nos Services rel\u00e8ve de la seule responsabilit\u00e9 de Facebook et est r\u00e9gi par sa politique de confidentialit\u00e9. Nous partageons ces informations uniquement avec Facebook pour vous permettre d\u2019utiliser les fonctions de partage social et pour obtenir des informations statistiques agr\u00e9g\u00e9es concernant l\u2019utilisation de notre page d\u2019entreprise sur Facebook. Nous avons pris les dispositions n\u00e9cessaires avec Facebook pour cette responsabilit\u00e9 partag\u00e9e, veuillez consulter la rubrique \u201d Page Insights Controller Addendum \u201d de Facebook sur&nbsp;<a href=\"https:\/\/www.facebook.com\/legal\/terms\/page_controller_addendum\" target=\"_blank\" rel=\"noreferrer noopener\">https:\/\/www.facebook.com\/legal\/terms\/page_controller_addendum<\/a>.<\/p>\n\n\n\n<p>Utilisation et communication d\u2019autres informations<\/p>\n\n\n\n<p>Nous sommes susceptibles d\u2019utiliser et de divulguer d\u2019autres informations \u00e0 de quelconques fins, hormis lorsque la l\u00e9gislation applicable nous impose de proc\u00e9der diff\u00e9remment. Il se peut que nous combinions d\u2019autres informations aux informations \u00e0 caract\u00e8re personnel. Si nous le faisons, nous consid\u00e9rons les informations combin\u00e9es comme des informations \u00e0 caract\u00e8re personnel.<\/p>\n\n\n\n<p><strong>Commentaires<\/strong><strong><\/strong><\/p>\n\n\n\n<p>Quand vous laissez un commentaire sur notre site web, les donn\u00e9es inscrites dans le formulaire de commentaire, mais aussi votre adresse IP et l\u2019agent utilisateur de votre navigateur sont collect\u00e9s pour nous aider \u00e0 la d\u00e9tection des commentaires ind\u00e9sirables.<\/p>\n\n\n\n<p>Une cha\u00eene anonymis\u00e9e cr\u00e9\u00e9e \u00e0 partir de votre adresse de messagerie (\u00e9galement appel\u00e9e hash) peut \u00eatre envoy\u00e9e au service Gravatar pour v\u00e9rifier si vous utilisez ce dernier. Les clauses de confidentialit\u00e9 du service Gravatar sont disponibles ici&nbsp;: https:\/\/automattic.com\/privacy\/. Apr\u00e8s validation de votre commentaire, votre photo de profil sera visible publiquement \u00e0 cot\u00e9 de votre commentaire.<\/p>\n\n\n\n<p><strong>M\u00e9dias<\/strong><\/p>\n\n\n\n<p>Si vous \u00eates un utilisateur ou une utilisatric\u20ac enregistr\u00e9\u20ac et que vous t\u00e9l\u00e9versez des images sur le site web, nous vous conseillons d\u2019\u00e9viter de t\u00e9l\u00e9verser des images contenant des donn\u00e9es EXIF de coordonn\u00e9es GPS. Les visiteurs de votre site web peuvent t\u00e9l\u00e9charger et extraire des donn\u00e9es de localisation depuis ces images.<\/p>\n\n\n\n<p><strong>Contenu embarqu\u00e9 depuis d\u2019autres sites<\/strong><strong><\/strong><\/p>\n\n\n\n<p>Les articles de ce site peuvent inclure des contenus int\u00e9gr\u00e9s (par exemple des vid\u00e9os, images, articles\u2026). Le contenu int\u00e9gr\u00e9 depuis d\u2019autres sites se comporte de la m\u00eame mani\u00e8re que si le visiteur se rendait sur cet autre site.<\/p>\n\n\n\n<p>Ces sites web pourraient collecter des donn\u00e9es sur vous, utiliser des cookies, embarquer des outils de suivis tiers, suivre vos interactions avec ces contenus embarqu\u00e9s si vous disposez d\u2019un compte connect\u00e9 sur leur site web.<\/p>\n\n\n\n<p><strong>SERVICES DE TIERCES PARTIES<\/strong><\/p>\n\n\n\n<p>La pr\u00e9sente politique de confidentialit\u00e9 n\u2019aborde pas et nous ne sommes pas responsables des pratiques en mati\u00e8re de vie priv\u00e9e, d\u2019informations ou autres de quelconques tierces parties, y compris d\u2019une quelconque tierce partie exploitant un quelconque site web ou service vers lequel les Services pr\u00e9sentent un lien. L\u2019int\u00e9gration d\u2019un lien aux Services n\u2019implique pas notre approbation ou celle de nos soci\u00e9t\u00e9s li\u00e9es pour ce qui est du site ou service li\u00e9.<\/p>\n\n\n\n<p>Sans pr\u00e9judice de ce qui pr\u00e9c\u00e8de concernant l\u2019utilisation et la communication en rapport avec Facebook, nous ne sommes pas responsables de la collecte d\u2019informations, de l\u2019utilisation, de la divulgation ou des politiques ou pratiques de s\u00e9curit\u00e9 d\u2019autres entit\u00e9s comme Facebook, Apple, Google, Microsoft, RIM ou un quelconque autre d\u00e9veloppeur d\u2019applications, fournisseur d\u2019applications, fournisseur de plateforme sur les r\u00e9seaux sociaux, fournisseur de syst\u00e8mes d\u2019exploitation, fournisseur de services sans fil ou fabricant d\u2019appareils, y compris quant \u00e0 de quelconques Informations \u00e0 Caract\u00e8re Personnel que vous divulguez \u00e0 d\u2019autres entit\u00e9s via ou en lien avec les Applis ou nos pages sur les r\u00e9seaux sociaux.<\/p>\n\n\n\n<p>Les commentaires des visiteurs peuvent \u00eatre v\u00e9rifi\u00e9s \u00e0 l\u2019aide d\u2019un service automatis\u00e9 de d\u00e9tection des commentaires ind\u00e9sirables.<\/p>\n\n\n\n<p><strong>PUBLICIT\u00c9 DE TIERCES PARTIES<\/strong><\/p>\n\n\n\n<p>Nous avons recours \u00e0 des entreprises publicitaires tierces afin de procurer des publicit\u00e9s concernant les biens et Services susceptibles de vous int\u00e9resser lorsque vous acc\u00e9dez aux Services et \u00e0 d\u2019autres sites web ou Services en ligne et les utilisez.<\/p>\n\n\n\n<p>Il se peut que vous receviez des publicit\u00e9s fond\u00e9es sur les informations li\u00e9es \u00e0 votre acc\u00e8s et utilisation des Services et d\u2019autres sites web ou Services en ligne sur un quelconque de vos appareils, ainsi que sur les informations re\u00e7ues de la part de tierces parties. Ces entreprises positionnent ou reconnaissent un seul cookie sur votre navigateur (y compris via l\u2019utilisation de pixels invisibles). Elles utilisent \u00e9galement ces technologies, parall\u00e8lement aux informations qu\u2019elles collectent au sujet de votre utilisation en ligne, afin de vous reconna\u00eetre sur les appareils que vous utilisez, par exemple un t\u00e9l\u00e9phone portable et un ordinateur portable. Si vous souhaitez de plus amples informations quant \u00e0 cette pratique et d\u00e9couvrir comment vous en d\u00e9faire sur le(s) navigateur(s) de bureau et mobile(s) install\u00e9(s) sur l\u2019appareil dont vous vous servez afin d\u2019acc\u00e9der \u00e0 la pr\u00e9sente politique de confidentialit\u00e9.<\/p>\n\n\n\n<p><strong>S\u00c9CURIT\u00c9<\/strong><\/p>\n\n\n\n<p>Nous veillons \u00e0 d\u00e9ployer des mesures organisationnelles, techniques et administratives raisonnables afin de prot\u00e9ger vos Informations \u00e0 Caract\u00e8re Personnel au sein de notre structure. Malheureusement, aucune transmission de donn\u00e9es ou syst\u00e8me de stockage ne peut \u00eatre certifi\u00e9 100% s\u00e9curis\u00e9. Si vous avez des motifs de croire que votre interaction avec nous n\u2019est plus s\u00e9curis\u00e9e, veuillez-nous en aviser sans d\u00e9lai conform\u00e9ment \u00e0 la rubrique \u201cNous contacter\u201d figurant ci-dessous.<\/p>\n\n\n\n<p><strong>CHOIX ET ACC\u00c8S<\/strong><\/p>\n\n\n\n<p>Vos choix concernant notre utilisation et divulgation de vos informations \u00e0 caract\u00e8re personnel<\/p>\n\n\n\n<p>Nous vous permettons de choisir concernant notre utilisation et divulgation de vos Informations \u00e0 Caract\u00e8re Personnel \u00e0 des fins de marketing. Vous pouvez choisir de ne pas :<\/p>\n\n\n\n<ul class=\"wp-block-list\"><li><strong>Recevoir de communications \u00e9lectroniques de notre part:<\/strong>&nbsp;si vous ne souhaitez plus recevoir d\u2019e-mails \u00e0 des fins de marketing de fa\u00e7on continue de notre part, vous pouvez y mettre fin en suivant le lien de d\u00e9sinscription figurant dans une quelconque communication de marketing et en nous contactant via www.M-technique.be<\/li><li><strong>Nous permettre de partager vos Informations \u00e0 Caract\u00e8re Personnel avec nos soci\u00e9t\u00e9s li\u00e9es en vue de leurs objectifs de marketing direct:<\/strong>&nbsp;si vous pr\u00e9f\u00e9rez que nous ne partagions par vos Informations \u00e0 Caract\u00e8re Personnel de fa\u00e7on continue avec nos soci\u00e9t\u00e9s li\u00e9es en vue de leurs objectifs de marketing direct, vous pouvez mettre fin \u00e0 ce partage en nous contactant via<a href=\"http:\/\/www.aboutbags.com\/\">&nbsp;<\/a>www.M-technique.be<\/li><li><strong>Nous permettre de partager vos Informations \u00e0 Caract\u00e8re Personnel avec de tierces parties non li\u00e9es en vue de leurs objectifs de marketing direct:<\/strong>&nbsp;si vous pr\u00e9f\u00e9rez que nous ne partagions pas vos Informations \u00e0 Caract\u00e8re Personnel de fa\u00e7on continue avec de tierces parties non li\u00e9es en vue de leurs objectifs de marketing direct, vous pouvez mettre fin \u00e0 ce partage en nous contactant via<a href=\"http:\/\/www.aboutbags.com\/\">&nbsp;<\/a>www.M-technique.be<\/li><\/ul>\n\n\n\n<p>Nous tenterons de nous conformer \u00e0 votre\/vos demande(s) d\u00e8s que raisonnablement possible. Veuillez noter que si vous choisissez de ne plus recevoir d\u2019e-mails \u00e0 des fins de marketing de notre part, nous sommes toujours susceptibles de vous envoyer des messages administratifs d\u2019importance, desquels vous ne pouvez-vous d\u00e9sengager.<\/p>\n\n\n\n<p>Comment acc\u00e9der, modifier ou supprimer vos Informations \u00e0 Caract\u00e8re Personnel ?<\/p>\n\n\n\n<p>Si vous souhaitez solliciter la r\u00e9vision, la correction, la mise \u00e0 jour, la suppression, la restriction ou l\u2019effacement d\u2019Informations \u00e0 Caract\u00e8re Personnel que vous nous avez fournies ant\u00e9rieurement ou si vous souhaitez solliciter la r\u00e9ception d\u2019une copie \u00e9lectronique de vos Informations \u00e0 Caract\u00e8re Personnel afin de les transmettre \u00e0 une autre entreprise (dans la mesure o\u00f9 la l\u00e9gislation Applicable vous conf\u00e8re ce droit \u00e0 la portabilit\u00e9 des donn\u00e9es), vous pouvez nous contacter via www.M-technique.be ou en nous \u00e9crivant \u00e0 l\u2019adresse figurant dans la rubrique \u201cNous contacter\u201d. Nous r\u00e9pondrons \u00e0 votre demande en accord avec la l\u00e9gislation applicable.<\/p>\n\n\n\n<p>Dans votre demande, veuillez pr\u00e9ciser quelles Informations \u00e0 Caract\u00e8re Personnel vous souhaitez modifier, si vous souhaitez que vos Informations \u00e0 Caract\u00e8re Personnel soient supprim\u00e9es de notre base de donn\u00e9es ou nous faire savoir quelles restrictions vous souhaitez appliquer \u00e0 notre utilisation de vos informations \u00e0 caract\u00e8re personnel. Afin de vous prot\u00e9ger, nous ex\u00e9cutons uniquement les demandes concernant les Informations \u00e0 Caract\u00e8re Personnel li\u00e9es \u00e0 l\u2019adresse e-mail sp\u00e9cifique que vous utilisez afin de nous envoyer votre demande et nous devrons peut-\u00eatre v\u00e9rifier votre identit\u00e9 avant de donner suite \u00e0 votre sollicitation. Nous tenterons de nous conformer \u00e0 votre demande d\u00e8s que raisonnablement possible.<\/p>\n\n\n\n<p>Veuillez noter que nous devons conserver certaines informations \u00e0 des fins de tenue de registres et\/ou pour boucler de quelconques transactions entam\u00e9es par vos soins avant de demander une modification ou suppression (p.ex. lorsque vous effectuez un achat ou saisissez une promotion, il se peut que vous ne soyez pas en mesure de modifier ou de supprimer les Informations \u00e0 Caract\u00e8re Personnel fournies avant l\u2019accomplissement d\u2019un tel achat ou d\u2019une telle promotion). Certaines informations r\u00e9siduelles sont \u00e9galement susceptibles de demeurer dans nos bases de donn\u00e9es et autres registres, sans \u00eatre supprim\u00e9es.<br>En cas de litige, vos donn\u00e9es peuvent \u00eatre transmise \u00e0 toutes personnes devant g\u00e9rer le litige (sans limitation)<\/p>\n\n\n\n<p><strong>P\u00c9RIODE DE CONSERVATION<\/strong><\/p>\n\n\n\n<p>Nous conservons les Informations \u00e0 Caract\u00e8re Personnel aussi longtemps que n\u00e9cessaire ou autoris\u00e9 au regard de la\/des fin(s) pour laquelle\/lesquelles elles ont \u00e9t\u00e9 obtenues et en accord avec la l\u00e9gislation applicable.<\/p>\n\n\n\n<p>Les crit\u00e8res utilis\u00e9s afin de d\u00e9terminer nos p\u00e9riodes de conservation englobent :<\/p>\n\n\n\n<ul class=\"wp-block-list\"><li>La dur\u00e9e d\u2019existence d\u2019une relation continue avec vous et la date depuis laquelle nous vous fournissons les Services (par exemple, depuis combien de temps vous poss\u00e9dez un compte aupr\u00e8s de nous ou utilisez les Services) ;<\/li><li>L\u2019existence ou l\u2019inexistence d\u2019une obligation l\u00e9gale \u00e0 laquelle nous sommes soumis (par exemple, certaines l\u00e9gislations nous imposent de tenir des registres de vos transactions durant une p\u00e9riode de temps d\u00e9termin\u00e9e avant que nous ne puissions les effacer) ; ou<\/li><li>Le fait de savoir si la conservation est recommand\u00e9e compte tenu de notre position juridique (p.ex. eu \u00e9gard aux d\u00e9lais de prescription applicables, \u00e0 l\u2019existence d\u2019un litige ou d\u2019enqu\u00eates r\u00e9glementaires).<\/li><li>Si vous laissez un commentaire, le commentaire et ses m\u00e9tadonn\u00e9es sont conserv\u00e9s ind\u00e9finiment. Cela permet de reconna\u00eetre et approuver automatiquement les commentaires suivants au lieu de les laisser dans la file de mod\u00e9ration.<\/li><li>Pour les utilisateurs et utilisatrices qui s\u2019enregistrent sur notre site (si cela est possible), nous stockons \u00e9galement les donn\u00e9es personnelles indiqu\u00e9es dans leur profil. Tous les utilisateurs et utilisatrices peuvent voir, modifier ou supprimer leurs informations personnelles \u00e0 tout moment (\u00e0 l\u2019exception de leur nom d\u2019utilisateur\u00b7ice). Les gestionnaires du site peuvent aussi voir et modifier ces informations.<\/li><\/ul>\n\n\n\n<p><strong>UTILISATION DES SERVICES PAR DES MINEURS D\u2019\u00c2GE<\/strong><\/p>\n\n\n\n<p>Les Services ne s\u2019adressent pas \u00e0 des personnes de moins de seize (16) ans et nous ne collectons sciemment aucune information \u00e0 caract\u00e8re personnel concernant des personnes de moins de 16 ans, hormis dans les pays o\u00f9 l\u2019\u00e2ge minimal est inf\u00e9rieur. Toutefois nous ne sommes pas responsable si un mineur utilise nos services.<\/p>\n\n\n\n<p><strong>TRIBUNAL COMP\u00c9TENT ET TRANSFERT TRANSFRONTALIER<\/strong><\/p>\n\n\n\n<p>Vos Informations \u00e0 Caract\u00e8re Personnel sont susceptibles d\u2019\u00eatre stock\u00e9es et trait\u00e9es dans un quelconque pays dans lequel nous poss\u00e9dons des installations ou faisons appel \u00e0 des prestataires de Services et, en utilisant les Services, vous comprenez que vos informations seront transmises vers des pays \u00e9trangers \u00e0 votre pays de r\u00e9sidence, y compris les \u00c9tats-Unis, susceptibles de poss\u00e9der des r\u00e8gles en mati\u00e8re de protection des donn\u00e9es qui divergent de celles de votre pays. Dans certaines circonstances, les tribunaux, Services d\u2019Application de la loi, organismes de r\u00e9glementation ou autorit\u00e9s de s\u00e9curit\u00e9 de ces pays \u00e9trangers sont susceptibles d\u2019\u00eatre en droit d\u2019acc\u00e9der \u00e0 vos informations \u00e0 caract\u00e8re personnel.<\/p>\n\n\n\n<p>Si vous vous trouvez dans l\u2019Espace \u00e9conomique europ\u00e9en (compos\u00e9 des \u00c9tats membres de l\u2019UE, de l\u2019Islande, du Liechtenstein et de la Norv\u00e8ge, conjointement l&#8217;\u201d<strong>EEE<\/strong>\u201c) : certains pays \u00e9trangers \u00e0 l\u2019EEE sont reconnus par la Commission europ\u00e9enne comme fournissant un niveau appropri\u00e9 de protection des donn\u00e9es conform\u00e9ment aux normes EEE (vous trouverez la liste compl\u00e8te de ces pays \u00e0 l\u2019adresse :&nbsp;<a href=\"http:\/\/ec.europa.eu\/justice\/data-protection\/international-transfers\/adequacy\/index_en.htm\">http:\/\/ec.europa.eu\/justice\/data-protection\/international-transfers\/adequacy\/index_en.htm<\/a>). En ce qui concerne les transmissions au d\u00e9part de l\u2019EEE vers des pays que la Commission europ\u00e9enne juge non appropri\u00e9s, nous avons mis en place des mesures ad hoc comme les dispositions contractuelles standard adopt\u00e9es par la Commission europ\u00e9enne afin de prot\u00e9ger vos Informations \u00e0 caract\u00e8re personnel.<\/p>\n\n\n\n<p><strong>SERVICE DE PAIEMENT D\u2019UNE TIERCE PARTIE<\/strong><\/p>\n\n\n\n<p>Nous aurons recours au service de paiement d\u2019une tierce partie afin de traiter les paiements effectu\u00e9s par le biais des Services. Si vous souhaitez effectuer un paiement par le biais des Services, vos Informations \u00e0 Caract\u00e8re Personnel seront collect\u00e9es par ladite tierce partie et pas par nos soins ; elles rel\u00e8veront d\u00e8s lors de la politique de confidentialit\u00e9 de la tierce partie et non de la pr\u00e9sente politique de confidentialit\u00e9. Nous n\u2019exer\u00e7ons aucun contr\u00f4le sur et d\u00e9clinons toute responsabilit\u00e9 quant \u00e0 la collecte, \u00e0 l\u2019utilisation et \u00e0 la divulgation de vos Informations \u00e0 Caract\u00e8re Personnel par ladite tierce partie.<\/p>\n\n\n\n<p><strong>MISES \u00c0 JOUR DE LA PR\u00c9SENTE POLITIQUE DE CONFIDENTIALIT\u00c9<\/strong><\/p>\n\n\n\n<p>La mention \u201cDerni\u00e8re mise \u00e0 jour\u201d figurant au d\u00e9but de la pr\u00e9sente politique de confidentialit\u00e9 indique \u00e0 quand remonte sa derni\u00e8re r\u00e9vision. De quelconques modifications entreront en vigueur lors de notre publication de la politique de confidentialit\u00e9 amend\u00e9e sur les Services. Votre utilisation des Services suite \u00e0 ces amendements signifie que vous acceptez la politique de confidentialit\u00e9 telle qu\u2019amend\u00e9e.<\/p>\n\n\n\n<p><strong>NOUS CONTACTER<\/strong><\/p>\n\n\n\n<p>Pour toutes les activit\u00e9s li\u00e9es au e-commerce, M-technique Rue de la Princesse 2 \u00e0 1080 Brussel (Sint-Jans-Molenbeek) , est l\u2019entreprise responsable de la collecte, l\u2019utilisation et la diffusion de vos informations personnelles selon cette politique de confidentialit\u00e9.<\/p>\n\n\n\n<p>Pour nos bureaux M-technique Rue de la Princesse 2 \u00e0 1080 Brussel (Sint-Jans-Molenbeek)est responsable.<\/p>\n\n\n\n<p>Les e-mails n\u2019\u00e9tant pas toujours s\u00e9curis\u00e9s, veuillez-vous abstenir de faire figurer des informations de carte de cr\u00e9dit ou d\u2019autres informations sensibles dans les communications que vous nous adressez.<\/p>\n\n\n\n<p><strong>INFORMATIONS COMPL\u00c9MENTAIRES DESTIN\u00c9ES AUX PERSONNES SE TROUVANT DANS L\u2019EEE<\/strong><\/p>\n\n\n\n<p>Si vous vous trouvez dans l\u2019EEE, vous pouvez \u00e9galement :<\/p>\n\n\n\n<ul class=\"wp-block-list\"><li>Nous contacter<\/li><li>D\u00e9poser une plainte aupr\u00e8s d\u2019une autorit\u00e9 en charge de la protection des donn\u00e9es comp\u00e9tente \u00e0 raison de votre pays ou r\u00e9gion ou lorsqu\u2019une violation pr\u00e9sum\u00e9e de la l\u00e9gislation sur la protection des donn\u00e9es Applicable survient&nbsp;<a href=\"http:\/\/ec.europa.eu\/justice\/data-protection\/article-29\/structure\/data-protection-authorities\/index_en.htm\">http:\/\/ec.europa.eu\/justice\/data-protection\/article-29\/structure\/data-protection-authorities\/index_en.htm<\/a><\/li><\/ul>\n","protected":false},"excerpt":{"rendered":"<p>Derni\u00e8re mise \u00e0 jour : 01\/03\/2021 Nous souhaitons vous familiariser avec la fa\u00e7on dont nous collectons, utilisons et divulguons les Informations \u00e0 Caract\u00e8re Personnel (telles que d\u00e9finies ci-dessous). La pr\u00e9sente &#8230;<\/p>\n","protected":false},"author":1,"featured_media":0,"parent":0,"menu_order":0,"comment_status":"closed","ping_status":"closed","template":"","meta":{"footnotes":""},"class_list":["post-287","page","type-page","status-publish","hentry"],"yoast_head":"<!-- This site is optimized with the Yoast SEO Premium plugin v19.2 (Yoast SEO v26.1.1) - https:\/\/yoast.com\/wordpress\/plugins\/seo\/ -->\n<title>Confidentialit\u00e9: - M-Technique Chauffagiste agr\u00e9\u00e9 GAZ d\u00e9pannage installation, \u00e9lectricit\u00e9, sanitaire.<\/title>\n<meta name=\"robots\" content=\"index, follow, max-snippet:-1, max-image-preview:large, max-video-preview:-1\" \/>\n<link rel=\"canonical\" href=\"https:\/\/mtechnique.be\/index.php\/confidentialite\/\" \/>\n<meta property=\"og:locale\" content=\"fr_FR\" \/>\n<meta property=\"og:type\" content=\"article\" \/>\n<meta property=\"og:title\" content=\"Confidentialit\u00e9:\" \/>\n<meta property=\"og:description\" content=\"Derni\u00e8re mise \u00e0 jour : 01\/03\/2021 Nous souhaitons vous familiariser avec la fa\u00e7on dont nous collectons, utilisons et divulguons les Informations \u00e0 Caract\u00e8re Personnel (telles que d\u00e9finies ci-dessous). La pr\u00e9sente ...\" \/>\n<meta property=\"og:url\" content=\"https:\/\/mtechnique.be\/index.php\/confidentialite\/\" \/>\n<meta property=\"og:site_name\" content=\"M-Technique Chauffagiste agr\u00e9\u00e9 GAZ d\u00e9pannage installation, \u00e9lectricit\u00e9, sanitaire.\" \/>\n<meta property=\"article:modified_time\" content=\"2021-03-01T12:36:06+00:00\" \/>\n<meta name=\"twitter:card\" content=\"summary_large_image\" \/>\n<meta name=\"twitter:label1\" content=\"Dur\u00e9e de lecture estim\u00e9e\" \/>\n\t<meta name=\"twitter:data1\" content=\"24 minutes\" \/>\n<script type=\"application\/ld+json\" class=\"yoast-schema-graph\">{\"@context\":\"https:\/\/schema.org\",\"@graph\":[{\"@type\":\"WebPage\",\"@id\":\"https:\/\/mtechnique.be\/index.php\/confidentialite\/\",\"url\":\"https:\/\/mtechnique.be\/index.php\/confidentialite\/\",\"name\":\"Confidentialit\u00e9: - M-Technique Chauffagiste agr\u00e9\u00e9 GAZ d\u00e9pannage installation, \u00e9lectricit\u00e9, sanitaire.\",\"isPartOf\":{\"@id\":\"https:\/\/mtechnique.be\/#website\"},\"datePublished\":\"2021-03-01T12:36:05+00:00\",\"dateModified\":\"2021-03-01T12:36:06+00:00\",\"breadcrumb\":{\"@id\":\"https:\/\/mtechnique.be\/index.php\/confidentialite\/#breadcrumb\"},\"inLanguage\":\"fr-FR\",\"potentialAction\":[{\"@type\":\"ReadAction\",\"target\":[\"https:\/\/mtechnique.be\/index.php\/confidentialite\/\"]}]},{\"@type\":\"BreadcrumbList\",\"@id\":\"https:\/\/mtechnique.be\/index.php\/confidentialite\/#breadcrumb\",\"itemListElement\":[{\"@type\":\"ListItem\",\"position\":1,\"name\":\"Accueil\",\"item\":\"https:\/\/mtechnique.be\/\"},{\"@type\":\"ListItem\",\"position\":2,\"name\":\"Confidentialit\u00e9:\"}]},{\"@type\":\"WebSite\",\"@id\":\"https:\/\/mtechnique.be\/#website\",\"url\":\"https:\/\/mtechnique.be\/\",\"name\":\"M-Technique Chauffagiste agr\u00e9\u00e9 GAZ d\u00e9pannage installation, \u00e9lectricit\u00e9, sanitaire.\",\"description\":\"Chauffagiste agr\u00e9\u00e9 GAZ d\u00e9pannage installation, \u00e9lectricit\u00e9, sanitaire.\",\"publisher\":{\"@id\":\"https:\/\/mtechnique.be\/#organization\"},\"potentialAction\":[{\"@type\":\"SearchAction\",\"target\":{\"@type\":\"EntryPoint\",\"urlTemplate\":\"https:\/\/mtechnique.be\/?s={search_term_string}\"},\"query-input\":{\"@type\":\"PropertyValueSpecification\",\"valueRequired\":true,\"valueName\":\"search_term_string\"}}],\"inLanguage\":\"fr-FR\"},{\"@type\":\"Organization\",\"@id\":\"https:\/\/mtechnique.be\/#organization\",\"name\":\"M-Technique Chauffagiste agr\u00e9\u00e9 GAZ d\u00e9pannage installation, \u00e9lectricit\u00e9, sanitaire.\",\"url\":\"https:\/\/mtechnique.be\/\",\"logo\":{\"@type\":\"ImageObject\",\"inLanguage\":\"fr-FR\",\"@id\":\"https:\/\/mtechnique.be\/#\/schema\/logo\/image\/\",\"url\":\"https:\/\/mtechnique.be\/wp-content\/uploads\/2021\/05\/cropped-logo-200.jpg\",\"contentUrl\":\"https:\/\/mtechnique.be\/wp-content\/uploads\/2021\/05\/cropped-logo-200.jpg\",\"width\":200,\"height\":45,\"caption\":\"M-Technique Chauffagiste agr\u00e9\u00e9 GAZ d\u00e9pannage installation, \u00e9lectricit\u00e9, sanitaire.\"},\"image\":{\"@id\":\"https:\/\/mtechnique.be\/#\/schema\/logo\/image\/\"}}]}<\/script>\n<!-- \/ Yoast SEO Premium plugin. -->","yoast_head_json":{"title":"Confidentialit\u00e9: - M-Technique Chauffagiste agr\u00e9\u00e9 GAZ d\u00e9pannage installation, \u00e9lectricit\u00e9, sanitaire.","robots":{"index":"index","follow":"follow","max-snippet":"max-snippet:-1","max-image-preview":"max-image-preview:large","max-video-preview":"max-video-preview:-1"},"canonical":"https:\/\/mtechnique.be\/index.php\/confidentialite\/","og_locale":"fr_FR","og_type":"article","og_title":"Confidentialit\u00e9:","og_description":"Derni\u00e8re mise \u00e0 jour : 01\/03\/2021 Nous souhaitons vous familiariser avec la fa\u00e7on dont nous collectons, utilisons et divulguons les Informations \u00e0 Caract\u00e8re Personnel (telles que d\u00e9finies ci-dessous). La pr\u00e9sente ...","og_url":"https:\/\/mtechnique.be\/index.php\/confidentialite\/","og_site_name":"M-Technique Chauffagiste agr\u00e9\u00e9 GAZ d\u00e9pannage installation, \u00e9lectricit\u00e9, sanitaire.","article_modified_time":"2021-03-01T12:36:06+00:00","twitter_card":"summary_large_image","twitter_misc":{"Dur\u00e9e de lecture estim\u00e9e":"24 minutes"},"schema":{"@context":"https:\/\/schema.org","@graph":[{"@type":"WebPage","@id":"https:\/\/mtechnique.be\/index.php\/confidentialite\/","url":"https:\/\/mtechnique.be\/index.php\/confidentialite\/","name":"Confidentialit\u00e9: - M-Technique Chauffagiste agr\u00e9\u00e9 GAZ d\u00e9pannage installation, \u00e9lectricit\u00e9, sanitaire.","isPartOf":{"@id":"https:\/\/mtechnique.be\/#website"},"datePublished":"2021-03-01T12:36:05+00:00","dateModified":"2021-03-01T12:36:06+00:00","breadcrumb":{"@id":"https:\/\/mtechnique.be\/index.php\/confidentialite\/#breadcrumb"},"inLanguage":"fr-FR","potentialAction":[{"@type":"ReadAction","target":["https:\/\/mtechnique.be\/index.php\/confidentialite\/"]}]},{"@type":"BreadcrumbList","@id":"https:\/\/mtechnique.be\/index.php\/confidentialite\/#breadcrumb","itemListElement":[{"@type":"ListItem","position":1,"name":"Accueil","item":"https:\/\/mtechnique.be\/"},{"@type":"ListItem","position":2,"name":"Confidentialit\u00e9:"}]},{"@type":"WebSite","@id":"https:\/\/mtechnique.be\/#website","url":"https:\/\/mtechnique.be\/","name":"M-Technique Chauffagiste agr\u00e9\u00e9 GAZ d\u00e9pannage installation, \u00e9lectricit\u00e9, sanitaire.","description":"Chauffagiste agr\u00e9\u00e9 GAZ d\u00e9pannage installation, \u00e9lectricit\u00e9, sanitaire.","publisher":{"@id":"https:\/\/mtechnique.be\/#organization"},"potentialAction":[{"@type":"SearchAction","target":{"@type":"EntryPoint","urlTemplate":"https:\/\/mtechnique.be\/?s={search_term_string}"},"query-input":{"@type":"PropertyValueSpecification","valueRequired":true,"valueName":"search_term_string"}}],"inLanguage":"fr-FR"},{"@type":"Organization","@id":"https:\/\/mtechnique.be\/#organization","name":"M-Technique Chauffagiste agr\u00e9\u00e9 GAZ d\u00e9pannage installation, \u00e9lectricit\u00e9, sanitaire.","url":"https:\/\/mtechnique.be\/","logo":{"@type":"ImageObject","inLanguage":"fr-FR","@id":"https:\/\/mtechnique.be\/#\/schema\/logo\/image\/","url":"https:\/\/mtechnique.be\/wp-content\/uploads\/2021\/05\/cropped-logo-200.jpg","contentUrl":"https:\/\/mtechnique.be\/wp-content\/uploads\/2021\/05\/cropped-logo-200.jpg","width":200,"height":45,"caption":"M-Technique Chauffagiste agr\u00e9\u00e9 GAZ d\u00e9pannage installation, \u00e9lectricit\u00e9, sanitaire."},"image":{"@id":"https:\/\/mtechnique.be\/#\/schema\/logo\/image\/"}}]}},"_links":{"self":[{"href":"https:\/\/mtechnique.be\/index.php\/wp-json\/wp\/v2\/pages\/287","targetHints":{"allow":["GET"]}}],"collection":[{"href":"https:\/\/mtechnique.be\/index.php\/wp-json\/wp\/v2\/pages"}],"about":[{"href":"https:\/\/mtechnique.be\/index.php\/wp-json\/wp\/v2\/types\/page"}],"author":[{"embeddable":true,"href":"https:\/\/mtechnique.be\/index.php\/wp-json\/wp\/v2\/users\/1"}],"replies":[{"embeddable":true,"href":"https:\/\/mtechnique.be\/index.php\/wp-json\/wp\/v2\/comments?post=287"}],"version-history":[{"count":1,"href":"https:\/\/mtechnique.be\/index.php\/wp-json\/wp\/v2\/pages\/287\/revisions"}],"predecessor-version":[{"id":288,"href":"https:\/\/mtechnique.be\/index.php\/wp-json\/wp\/v2\/pages\/287\/revisions\/288"}],"wp:attachment":[{"href":"https:\/\/mtechnique.be\/index.php\/wp-json\/wp\/v2\/media?parent=287"}],"curies":[{"name":"wp","href":"https:\/\/api.w.org\/{rel}","templated":true}]}}